{"id":144,"date":"2019-02-17T09:25:23","date_gmt":"2019-02-17T09:25:23","guid":{"rendered":"http:\/\/psychotherapie-grewenig.de\/?page_id=144"},"modified":"2022-12-13T06:05:19","modified_gmt":"2022-12-13T06:05:19","slug":"ueber-mich","status":"publish","type":"page","link":"http:\/\/psychotherapie-grewenig.de\/?page_id=144","title":{"rendered":"\u00fcber mich"},"content":{"rendered":"\n<p>Jahrgang 1970<\/p>\n\n\n\n<div class=\"wp-block-image\"><figure class=\"aligncenter is-resized\"><img loading=\"lazy\" decoding=\"async\" src=\"http:\/\/psychotherapie-grewenig.de\/wp-content\/uploads\/2019\/03\/Foto4333-169x300.jpg\" alt=\"\" class=\"wp-image-485\" width=\"419\" height=\"744\" srcset=\"http:\/\/psychotherapie-grewenig.de\/wp-content\/uploads\/2019\/03\/Foto4333-169x300.jpg 169w, http:\/\/psychotherapie-grewenig.de\/wp-content\/uploads\/2019\/03\/Foto4333-768x1365.jpg 768w, http:\/\/psychotherapie-grewenig.de\/wp-content\/uploads\/2019\/03\/Foto4333-576x1024.jpg 576w, http:\/\/psychotherapie-grewenig.de\/wp-content\/uploads\/2019\/03\/Foto4333.jpg 2036w\" sizes=\"auto, (max-width: 419px) 100vw, 419px\" \/><\/figure><\/div>\n\n\n\n<p>seit 2019: Praxis f\u00fcr Psychotherapie, Kirrberger Stra\u00dfe 32, 66424 Homburg<\/p>\n\n\n\n<p style=\"text-align:left\">seit 2017: Approbation als Psychologische Psychotherapeutin im Richtlinienverfahren der tiefenpsychologisch fundierten Psychotherapie<\/p>\n\n\n\n<p>2017-2022: Leitung der HNO-Psychologie in den MediClin Bosenberg Kliniken <\/p>\n\n\n\n<p>2008- 2022: Mitarbeiterin in der HNO-Psychologie in den MediClin Bosenberg Kliniken in St. Wendel, Fachklinik f\u00fcr HNO, H\u00f6rsch\u00e4digung, Tinnitus, Cochlear Implantat (CI), Am Bosenberg 15, 66606 St. Wendel <\/p>\n\n\n\n<p>seit 2011: Diplom in Psychologie<\/p>\n\n\n\n<p>bis 2011: Malermeisterin und Gesch\u00e4ftsf\u00fchrerin im eigenen elterlichen Betrieb mit Tradition \u00fcber viele Generationen <br><\/p>\n\n\n\n<p> <\/p>\n\n\n\n<p style=\"font-size:-1px\"><strong>BESONDERES MERKMAL:&nbsp;<\/strong><\/p>\n\n\n\n<p>eigene H\u00f6rsch\u00e4digung mit einer Cochelar Implantat und  H\u00f6rger\u00e4te-Versorgung<br><br><\/p>\n\n\n\n<p><br><\/p>\n\n\n\n<p><br><\/p>\n","protected":false},"excerpt":{"rendered":"<p>Jahrgang 1970 seit 2019: Praxis f\u00fcr Psychotherapie, Kirrberger Stra\u00dfe 32, 66424 Homburg seit 2017: Approbation als Psychologische Psychotherapeutin im Richtlinienverfahren der tiefenpsychologisch fundierten Psychotherapie 2017-2022: Leitung der HNO-Psychologie in den MediClin Bosenberg Kliniken 2008- 2022: Mitarbeiterin in der HNO-Psychologie in den MediClin Bosenberg Kliniken in St. Wendel, Fachklinik f\u00fcr HNO, H\u00f6rsch\u00e4digung, Tinnitus, Cochlear Implantat (CI), &hellip; <\/p>\n<p class=\"link-more\"><a href=\"http:\/\/psychotherapie-grewenig.de\/?page_id=144\" class=\"more-link\"><span class=\"screen-reader-text\">\u201e\u00fcber mich\u201c<\/span> weiterlesen<\/a><\/p>\n","protected":false},"author":1,"featured_media":0,"parent":0,"menu_order":0,"comment_status":"closed","ping_status":"closed","template":"","meta":{"footnotes":""},"class_list":["post-144","page","type-page","status-publish","hentry"],"_links":{"self":[{"href":"http:\/\/psychotherapie-grewenig.de\/index.php?rest_route=\/wp\/v2\/pages\/144","targetHints":{"allow":["GET"]}}],"collection":[{"href":"http:\/\/psychotherapie-grewenig.de\/index.php?rest_route=\/wp\/v2\/pages"}],"about":[{"href":"http:\/\/psychotherapie-grewenig.de\/index.php?rest_route=\/wp\/v2\/types\/page"}],"author":[{"embeddable":true,"href":"http:\/\/psychotherapie-grewenig.de\/index.php?rest_route=\/wp\/v2\/users\/1"}],"replies":[{"embeddable":true,"href":"http:\/\/psychotherapie-grewenig.de\/index.php?rest_route=%2Fwp%2Fv2%2Fcomments&post=144"}],"version-history":[{"count":20,"href":"http:\/\/psychotherapie-grewenig.de\/index.php?rest_route=\/wp\/v2\/pages\/144\/revisions"}],"predecessor-version":[{"id":506,"href":"http:\/\/psychotherapie-grewenig.de\/index.php?rest_route=\/wp\/v2\/pages\/144\/revisions\/506"}],"wp:attachment":[{"href":"http:\/\/psychotherapie-grewenig.de\/index.php?rest_route=%2Fwp%2Fv2%2Fmedia&parent=144"}],"curies":[{"name":"wp","href":"https:\/\/api.w.org\/{rel}","templated":true}]}}